{"id":3479,"date":"2025-10-22T11:25:45","date_gmt":"2025-10-22T09:25:45","guid":{"rendered":"https:\/\/igsamcreativo.com\/?page_id=3479"},"modified":"2026-06-10T20:23:49","modified_gmt":"2026-06-10T18:23:49","slug":"fotografia-de-costas","status":"publish","type":"page","link":"https:\/\/igsamcreativo.com\/en\/galeria\/fotografia-de-costas\/","title":{"rendered":"Coastlines"},"content":{"rendered":"<div data-elementor-type=\"wp-page\" data-elementor-id=\"3479\" class=\"elementor elementor-3479\" data-elementor-post-type=\"page\">\n\t\t\t\t\t\t<section class=\"elementor-section elementor-top-section elementor-element elementor-element-f7e2811 elementor-section-boxed elementor-section-height-default elementor-section-height-default\" data-id=\"f7e2811\" data-element_type=\"section\" data-e-type=\"section\">\n\t\t\t\t\t\t<div class=\"elementor-container elementor-column-gap-default\">\n\t\t\t\t\t<div class=\"elementor-column elementor-col-100 elementor-top-column elementor-element elementor-element-6f9ca3c\" data-id=\"6f9ca3c\" data-element_type=\"column\" data-e-type=\"column\">\n\t\t\t<div class=\"elementor-widget-wrap elementor-element-populated\">\n\t\t\t\t\t\t<div class=\"elementor-element elementor-element-0be5612 elementor-widget elementor-widget-image-gallery\" data-id=\"0be5612\" data-element_type=\"widget\" data-e-type=\"widget\" data-widget_type=\"image-gallery.default\">\n\t\t\t\t<div class=\"elementor-widget-container\">\n\t\t\t\t\t\t\t<div class=\"elementor-image-gallery\">\n\t\t\t\n\t\t<style>\n\t\t\t#gallery-1 {\n\t\t\t\tmargin: auto;\n\t\t\t}\n\t\t\t#gallery-1 .gallery-item {\n\t\t\t\tfloat: left;\n\t\t\t\tmargin-top: 10px;\n\t\t\t\ttext-align: center;\n\t\t\t\twidth: 50%;\n\t\t\t}\n\t\t\t#gallery-1 img {\n\t\t\t\tborder: 2px solid #cfcfcf;\n\t\t\t}\n\t\t\t#gallery-1 .gallery-caption {\n\t\t\t\tmargin-left: 0;\n\t\t\t}\n\t\t\t\/* see gallery_shortcode() in wp-includes\/media.php *\/\n\t\t<\/style>\n\t\t<div id='gallery-1' class='gallery galleryid-3479 gallery-columns-2 gallery-size-medium'><dl class='gallery-item'>\n\t\t\t<dt class='gallery-icon landscape'>\n\t\t\t\t<a data-elementor-open-lightbox=\"yes\" data-elementor-lightbox-slideshow=\"0be5612\" data-elementor-lightbox-title=\"Fotograf\u00eda de costas de Espa\u00f1a\" data-elementor-lightbox-description=\"Fotos de mar y playas, inmortalizando el movimiento del agua y su belleza din\u00e1mica.\" data-e-action-hash=\"#elementor-action%3Aaction%3Dlightbox%26settings%3DeyJpZCI6Mzc5NSwidXJsIjoiaHR0cHM6XC9cL2lnc2FtY3JlYXRpdm8uY29tXC93cC1jb250ZW50XC91cGxvYWRzXC8yMDI2XC8wNlwvZm90b2dyYWZpYV9kZV9jb3N0YXNfMS53ZWJwIiwic2xpZGVzaG93IjoiMGJlNTYxMiJ9\" href='https:\/\/igsamcreativo.com\/wp-content\/uploads\/2026\/06\/fotografia_de_costas_1.webp'><img fetchpriority=\"high\" decoding=\"async\" width=\"300\" height=\"200\" src=\"https:\/\/igsamcreativo.com\/wp-content\/uploads\/2026\/06\/fotografia_de_costas_1-300x200.webp\" class=\"attachment-medium size-medium\" alt=\"Fotograf\u00eda de costas de Espa\u00f1a\" aria-describedby=\"gallery-1-3795\" srcset=\"https:\/\/igsamcreativo.com\/wp-content\/uploads\/2026\/06\/fotografia_de_costas_1-300x200.webp 300w, https:\/\/igsamcreativo.com\/wp-content\/uploads\/2026\/06\/fotografia_de_costas_1-1024x683.webp 1024w, https:\/\/igsamcreativo.com\/wp-content\/uploads\/2026\/06\/fotografia_de_costas_1-768x512.webp 768w, https:\/\/igsamcreativo.com\/wp-content\/uploads\/2026\/06\/fotografia_de_costas_1-18x12.webp 18w, https:\/\/igsamcreativo.com\/wp-content\/uploads\/2026\/06\/fotografia_de_costas_1.webp 1280w\" sizes=\"(max-width: 300px) 100vw, 300px\" \/><\/a>\n\t\t\t<\/dt>\n\t\t\t\t<dd class='wp-caption-text gallery-caption' id='gallery-1-3795'>\n\t\t\t\tFotograf\u00eda de costas de Espa\u00f1a\n\t\t\t\t<\/dd><\/dl><dl class='gallery-item'>\n\t\t\t<dt class='gallery-icon landscape'>\n\t\t\t\t<a data-elementor-open-lightbox=\"yes\" data-elementor-lightbox-slideshow=\"0be5612\" data-elementor-lightbox-title=\"Fotograf\u00eda de costas de Espa\u00f1a\" data-elementor-lightbox-description=\"Fotos de mar y playas, inmortalizando el movimiento del agua y su belleza din\u00e1mica.\" data-e-action-hash=\"#elementor-action%3Aaction%3Dlightbox%26settings%3DeyJpZCI6Mzc5NiwidXJsIjoiaHR0cHM6XC9cL2lnc2FtY3JlYXRpdm8uY29tXC93cC1jb250ZW50XC91cGxvYWRzXC8yMDI2XC8wNlwvZm90b2dyYWZpYV9kZV9jb3N0YXNfMi53ZWJwIiwic2xpZGVzaG93IjoiMGJlNTYxMiJ9\" href='https:\/\/igsamcreativo.com\/wp-content\/uploads\/2026\/06\/fotografia_de_costas_2.webp'><img decoding=\"async\" width=\"300\" height=\"200\" src=\"https:\/\/igsamcreativo.com\/wp-content\/uploads\/2026\/06\/fotografia_de_costas_2-300x200.webp\" class=\"attachment-medium size-medium\" alt=\"Fotograf\u00eda de costas de Espa\u00f1a\" aria-describedby=\"gallery-1-3796\" srcset=\"https:\/\/igsamcreativo.com\/wp-content\/uploads\/2026\/06\/fotografia_de_costas_2-300x200.webp 300w, https:\/\/igsamcreativo.com\/wp-content\/uploads\/2026\/06\/fotografia_de_costas_2-1024x683.webp 1024w, https:\/\/igsamcreativo.com\/wp-content\/uploads\/2026\/06\/fotografia_de_costas_2-768x512.webp 768w, https:\/\/igsamcreativo.com\/wp-content\/uploads\/2026\/06\/fotografia_de_costas_2-18x12.webp 18w, https:\/\/igsamcreativo.com\/wp-content\/uploads\/2026\/06\/fotografia_de_costas_2.webp 1280w\" sizes=\"(max-width: 300px) 100vw, 300px\" \/><\/a>\n\t\t\t<\/dt>\n\t\t\t\t<dd class='wp-caption-text gallery-caption' id='gallery-1-3796'>\n\t\t\t\tFotograf\u00eda de costas de Espa\u00f1a\n\t\t\t\t<\/dd><\/dl><br style=\"clear: both\" \/><dl class='gallery-item'>\n\t\t\t<dt class='gallery-icon landscape'>\n\t\t\t\t<a data-elementor-open-lightbox=\"yes\" data-elementor-lightbox-slideshow=\"0be5612\" data-elementor-lightbox-title=\"Fotograf\u00eda de costas de Espa\u00f1a\" data-elementor-lightbox-description=\"Fotos de mar y playas, inmortalizando el movimiento del agua y su belleza din\u00e1mica.\" data-e-action-hash=\"#elementor-action%3Aaction%3Dlightbox%26settings%3DeyJpZCI6Mzc5NywidXJsIjoiaHR0cHM6XC9cL2lnc2FtY3JlYXRpdm8uY29tXC93cC1jb250ZW50XC91cGxvYWRzXC8yMDI2XC8wNlwvZm90b2dyYWZpYV9kZV9jb3N0YXNfMy53ZWJwIiwic2xpZGVzaG93IjoiMGJlNTYxMiJ9\" href='https:\/\/igsamcreativo.com\/wp-content\/uploads\/2026\/06\/fotografia_de_costas_3.webp'><img decoding=\"async\" width=\"300\" height=\"200\" src=\"https:\/\/igsamcreativo.com\/wp-content\/uploads\/2026\/06\/fotografia_de_costas_3-300x200.webp\" class=\"attachment-medium size-medium\" alt=\"Fotograf\u00eda de costas de Espa\u00f1a\" aria-describedby=\"gallery-1-3797\" srcset=\"https:\/\/igsamcreativo.com\/wp-content\/uploads\/2026\/06\/fotografia_de_costas_3-300x200.webp 300w, https:\/\/igsamcreativo.com\/wp-content\/uploads\/2026\/06\/fotografia_de_costas_3-1024x683.webp 1024w, https:\/\/igsamcreativo.com\/wp-content\/uploads\/2026\/06\/fotografia_de_costas_3-768x512.webp 768w, https:\/\/igsamcreativo.com\/wp-content\/uploads\/2026\/06\/fotografia_de_costas_3-18x12.webp 18w, https:\/\/igsamcreativo.com\/wp-content\/uploads\/2026\/06\/fotografia_de_costas_3.webp 1280w\" sizes=\"(max-width: 300px) 100vw, 300px\" \/><\/a>\n\t\t\t<\/dt>\n\t\t\t\t<dd class='wp-caption-text gallery-caption' id='gallery-1-3797'>\n\t\t\t\tFotograf\u00eda de costas de Espa\u00f1a\n\t\t\t\t<\/dd><\/dl><dl class='gallery-item'>\n\t\t\t<dt class='gallery-icon landscape'>\n\t\t\t\t<a data-elementor-open-lightbox=\"yes\" data-elementor-lightbox-slideshow=\"0be5612\" data-elementor-lightbox-title=\"Fotograf\u00eda de costas de Espa\u00f1a\" data-elementor-lightbox-description=\"Fotos de mar y playas, inmortalizando el movimiento del agua y su belleza din\u00e1mica.\" data-e-action-hash=\"#elementor-action%3Aaction%3Dlightbox%26settings%3DeyJpZCI6Mzc5OCwidXJsIjoiaHR0cHM6XC9cL2lnc2FtY3JlYXRpdm8uY29tXC93cC1jb250ZW50XC91cGxvYWRzXC8yMDI2XC8wNlwvZm90b2dyYWZpYV9kZV9jb3N0YXNfNC53ZWJwIiwic2xpZGVzaG93IjoiMGJlNTYxMiJ9\" href='https:\/\/igsamcreativo.com\/wp-content\/uploads\/2026\/06\/fotografia_de_costas_4.webp'><img loading=\"lazy\" decoding=\"async\" width=\"300\" height=\"199\" src=\"https:\/\/igsamcreativo.com\/wp-content\/uploads\/2026\/06\/fotografia_de_costas_4-300x199.webp\" class=\"attachment-medium size-medium\" alt=\"Fotograf\u00eda de costas de Espa\u00f1a\" aria-describedby=\"gallery-1-3798\" srcset=\"https:\/\/igsamcreativo.com\/wp-content\/uploads\/2026\/06\/fotografia_de_costas_4-300x199.webp 300w, https:\/\/igsamcreativo.com\/wp-content\/uploads\/2026\/06\/fotografia_de_costas_4-1024x678.webp 1024w, https:\/\/igsamcreativo.com\/wp-content\/uploads\/2026\/06\/fotografia_de_costas_4-768x509.webp 768w, https:\/\/igsamcreativo.com\/wp-content\/uploads\/2026\/06\/fotografia_de_costas_4-18x12.webp 18w, https:\/\/igsamcreativo.com\/wp-content\/uploads\/2026\/06\/fotografia_de_costas_4.webp 1280w\" sizes=\"(max-width: 300px) 100vw, 300px\" \/><\/a>\n\t\t\t<\/dt>\n\t\t\t\t<dd class='wp-caption-text gallery-caption' id='gallery-1-3798'>\n\t\t\t\tFotograf\u00eda de costas de Espa\u00f1a\n\t\t\t\t<\/dd><\/dl><br style=\"clear: both\" \/><dl class='gallery-item'>\n\t\t\t<dt class='gallery-icon landscape'>\n\t\t\t\t<a data-elementor-open-lightbox=\"yes\" data-elementor-lightbox-slideshow=\"0be5612\" data-elementor-lightbox-title=\"Fotograf\u00eda de costas de Espa\u00f1a\" data-elementor-lightbox-description=\"Fotos de mar y playas, inmortalizando el movimiento del agua y su belleza din\u00e1mica.\" data-e-action-hash=\"#elementor-action%3Aaction%3Dlightbox%26settings%3DeyJpZCI6Mzc5OSwidXJsIjoiaHR0cHM6XC9cL2lnc2FtY3JlYXRpdm8uY29tXC93cC1jb250ZW50XC91cGxvYWRzXC8yMDI2XC8wNlwvZm90b2dyYWZpYV9kZV9jb3N0YXNfNS53ZWJwIiwic2xpZGVzaG93IjoiMGJlNTYxMiJ9\" href='https:\/\/igsamcreativo.com\/wp-content\/uploads\/2026\/06\/fotografia_de_costas_5.webp'><img loading=\"lazy\" decoding=\"async\" width=\"300\" height=\"199\" src=\"https:\/\/igsamcreativo.com\/wp-content\/uploads\/2026\/06\/fotografia_de_costas_5-300x199.webp\" class=\"attachment-medium size-medium\" alt=\"Fotograf\u00eda de costas de Espa\u00f1a\" aria-describedby=\"gallery-1-3799\" srcset=\"https:\/\/igsamcreativo.com\/wp-content\/uploads\/2026\/06\/fotografia_de_costas_5-300x199.webp 300w, https:\/\/igsamcreativo.com\/wp-content\/uploads\/2026\/06\/fotografia_de_costas_5-1024x678.webp 1024w, https:\/\/igsamcreativo.com\/wp-content\/uploads\/2026\/06\/fotografia_de_costas_5-768x509.webp 768w, https:\/\/igsamcreativo.com\/wp-content\/uploads\/2026\/06\/fotografia_de_costas_5-18x12.webp 18w, https:\/\/igsamcreativo.com\/wp-content\/uploads\/2026\/06\/fotografia_de_costas_5.webp 1280w\" sizes=\"(max-width: 300px) 100vw, 300px\" \/><\/a>\n\t\t\t<\/dt>\n\t\t\t\t<dd class='wp-caption-text gallery-caption' id='gallery-1-3799'>\n\t\t\t\tFotograf\u00eda de costas de Espa\u00f1a\n\t\t\t\t<\/dd><\/dl><dl class='gallery-item'>\n\t\t\t<dt class='gallery-icon landscape'>\n\t\t\t\t<a data-elementor-open-lightbox=\"yes\" data-elementor-lightbox-slideshow=\"0be5612\" data-elementor-lightbox-title=\"Fotograf\u00eda de costas de Espa\u00f1a\" data-elementor-lightbox-description=\"Fotos de mar y playas, inmortalizando el movimiento del agua y su belleza din\u00e1mica.\" data-e-action-hash=\"#elementor-action%3Aaction%3Dlightbox%26settings%3DeyJpZCI6MzgwMCwidXJsIjoiaHR0cHM6XC9cL2lnc2FtY3JlYXRpdm8uY29tXC93cC1jb250ZW50XC91cGxvYWRzXC8yMDI2XC8wNlwvZm90b2dyYWZpYV9kZV9jb3N0YXNfNi53ZWJwIiwic2xpZGVzaG93IjoiMGJlNTYxMiJ9\" href='https:\/\/igsamcreativo.com\/wp-content\/uploads\/2026\/06\/fotografia_de_costas_6.webp'><img loading=\"lazy\" decoding=\"async\" width=\"300\" height=\"199\" src=\"https:\/\/igsamcreativo.com\/wp-content\/uploads\/2026\/06\/fotografia_de_costas_6-300x199.webp\" class=\"attachment-medium size-medium\" alt=\"Fotograf\u00eda de costas de Espa\u00f1a\" aria-describedby=\"gallery-1-3800\" srcset=\"https:\/\/igsamcreativo.com\/wp-content\/uploads\/2026\/06\/fotografia_de_costas_6-300x199.webp 300w, https:\/\/igsamcreativo.com\/wp-content\/uploads\/2026\/06\/fotografia_de_costas_6-1024x678.webp 1024w, https:\/\/igsamcreativo.com\/wp-content\/uploads\/2026\/06\/fotografia_de_costas_6-768x509.webp 768w, https:\/\/igsamcreativo.com\/wp-content\/uploads\/2026\/06\/fotografia_de_costas_6-18x12.webp 18w, https:\/\/igsamcreativo.com\/wp-content\/uploads\/2026\/06\/fotografia_de_costas_6.webp 1280w\" sizes=\"(max-width: 300px) 100vw, 300px\" \/><\/a>\n\t\t\t<\/dt>\n\t\t\t\t<dd class='wp-caption-text gallery-caption' id='gallery-1-3800'>\n\t\t\t\tFotograf\u00eda de costas de Espa\u00f1a\n\t\t\t\t<\/dd><\/dl><br style=\"clear: both\" \/><dl class='gallery-item'>\n\t\t\t<dt class='gallery-icon landscape'>\n\t\t\t\t<a data-elementor-open-lightbox=\"yes\" data-elementor-lightbox-slideshow=\"0be5612\" data-elementor-lightbox-title=\"Fotograf\u00eda de costas de Espa\u00f1a\" data-elementor-lightbox-description=\"Fotos de mar y playas, inmortalizando el movimiento del agua y su belleza din\u00e1mica.\" data-e-action-hash=\"#elementor-action%3Aaction%3Dlightbox%26settings%3DeyJpZCI6MzgwMSwidXJsIjoiaHR0cHM6XC9cL2lnc2FtY3JlYXRpdm8uY29tXC93cC1jb250ZW50XC91cGxvYWRzXC8yMDI2XC8wNlwvZm90b2dyYWZpYV9kZV9jb3N0YXNfNy53ZWJwIiwic2xpZGVzaG93IjoiMGJlNTYxMiJ9\" href='https:\/\/igsamcreativo.com\/wp-content\/uploads\/2026\/06\/fotografia_de_costas_7.webp'><img loading=\"lazy\" decoding=\"async\" width=\"300\" height=\"199\" src=\"https:\/\/igsamcreativo.com\/wp-content\/uploads\/2026\/06\/fotografia_de_costas_7-300x199.webp\" class=\"attachment-medium size-medium\" alt=\"Fotograf\u00eda de costas de Espa\u00f1a\" aria-describedby=\"gallery-1-3801\" srcset=\"https:\/\/igsamcreativo.com\/wp-content\/uploads\/2026\/06\/fotografia_de_costas_7-300x199.webp 300w, https:\/\/igsamcreativo.com\/wp-content\/uploads\/2026\/06\/fotografia_de_costas_7-1024x678.webp 1024w, https:\/\/igsamcreativo.com\/wp-content\/uploads\/2026\/06\/fotografia_de_costas_7-768x509.webp 768w, https:\/\/igsamcreativo.com\/wp-content\/uploads\/2026\/06\/fotografia_de_costas_7-18x12.webp 18w, https:\/\/igsamcreativo.com\/wp-content\/uploads\/2026\/06\/fotografia_de_costas_7.webp 1280w\" sizes=\"(max-width: 300px) 100vw, 300px\" \/><\/a>\n\t\t\t<\/dt>\n\t\t\t\t<dd class='wp-caption-text gallery-caption' id='gallery-1-3801'>\n\t\t\t\tFotograf\u00eda de costas de Espa\u00f1a\n\t\t\t\t<\/dd><\/dl><dl class='gallery-item'>\n\t\t\t<dt class='gallery-icon landscape'>\n\t\t\t\t<a data-elementor-open-lightbox=\"yes\" data-elementor-lightbox-slideshow=\"0be5612\" data-elementor-lightbox-title=\"Fotograf\u00eda de costas de Espa\u00f1a\" data-elementor-lightbox-description=\"Fotos de mar y playas, inmortalizando el movimiento del agua y su belleza din\u00e1mica.\" data-e-action-hash=\"#elementor-action%3Aaction%3Dlightbox%26settings%3DeyJpZCI6MzgwMiwidXJsIjoiaHR0cHM6XC9cL2lnc2FtY3JlYXRpdm8uY29tXC93cC1jb250ZW50XC91cGxvYWRzXC8yMDI2XC8wNlwvZm90b2dyYWZpYV9kZV9jb3N0YXNfOC53ZWJwIiwic2xpZGVzaG93IjoiMGJlNTYxMiJ9\" href='https:\/\/igsamcreativo.com\/wp-content\/uploads\/2026\/06\/fotografia_de_costas_8.webp'><img loading=\"lazy\" decoding=\"async\" width=\"300\" height=\"199\" src=\"https:\/\/igsamcreativo.com\/wp-content\/uploads\/2026\/06\/fotografia_de_costas_8-300x199.webp\" class=\"attachment-medium size-medium\" alt=\"Fotograf\u00eda de costas de Espa\u00f1a\" aria-describedby=\"gallery-1-3802\" srcset=\"https:\/\/igsamcreativo.com\/wp-content\/uploads\/2026\/06\/fotografia_de_costas_8-300x199.webp 300w, https:\/\/igsamcreativo.com\/wp-content\/uploads\/2026\/06\/fotografia_de_costas_8-1024x678.webp 1024w, https:\/\/igsamcreativo.com\/wp-content\/uploads\/2026\/06\/fotografia_de_costas_8-768x509.webp 768w, https:\/\/igsamcreativo.com\/wp-content\/uploads\/2026\/06\/fotografia_de_costas_8-18x12.webp 18w, https:\/\/igsamcreativo.com\/wp-content\/uploads\/2026\/06\/fotografia_de_costas_8.webp 1280w\" sizes=\"(max-width: 300px) 100vw, 300px\" \/><\/a>\n\t\t\t<\/dt>\n\t\t\t\t<dd class='wp-caption-text gallery-caption' id='gallery-1-3802'>\n\t\t\t\tFotograf\u00eda de costas de Espa\u00f1a\n\t\t\t\t<\/dd><\/dl><br style=\"clear: both\" \/><dl class='gallery-item'>\n\t\t\t<dt class='gallery-icon landscape'>\n\t\t\t\t<a data-elementor-open-lightbox=\"yes\" data-elementor-lightbox-slideshow=\"0be5612\" data-elementor-lightbox-title=\"Fotograf\u00eda de costas de Espa\u00f1a\" data-elementor-lightbox-description=\"Fotos de mar y playas, inmortalizando el movimiento del agua y su belleza din\u00e1mica.\" data-e-action-hash=\"#elementor-action%3Aaction%3Dlightbox%26settings%3DeyJpZCI6MzgwMywidXJsIjoiaHR0cHM6XC9cL2lnc2FtY3JlYXRpdm8uY29tXC93cC1jb250ZW50XC91cGxvYWRzXC8yMDI2XC8wNlwvZm90b2dyYWZpYV9kZV9jb3N0YXNfOS53ZWJwIiwic2xpZGVzaG93IjoiMGJlNTYxMiJ9\" href='https:\/\/igsamcreativo.com\/wp-content\/uploads\/2026\/06\/fotografia_de_costas_9.webp'><img loading=\"lazy\" decoding=\"async\" width=\"300\" height=\"199\" src=\"https:\/\/igsamcreativo.com\/wp-content\/uploads\/2026\/06\/fotografia_de_costas_9-300x199.webp\" class=\"attachment-medium size-medium\" alt=\"Fotograf\u00eda de costas de Espa\u00f1a\" aria-describedby=\"gallery-1-3803\" srcset=\"https:\/\/igsamcreativo.com\/wp-content\/uploads\/2026\/06\/fotografia_de_costas_9-300x199.webp 300w, https:\/\/igsamcreativo.com\/wp-content\/uploads\/2026\/06\/fotografia_de_costas_9-1024x678.webp 1024w, https:\/\/igsamcreativo.com\/wp-content\/uploads\/2026\/06\/fotografia_de_costas_9-768x509.webp 768w, https:\/\/igsamcreativo.com\/wp-content\/uploads\/2026\/06\/fotografia_de_costas_9-18x12.webp 18w, https:\/\/igsamcreativo.com\/wp-content\/uploads\/2026\/06\/fotografia_de_costas_9.webp 1280w\" sizes=\"(max-width: 300px) 100vw, 300px\" \/><\/a>\n\t\t\t<\/dt>\n\t\t\t\t<dd class='wp-caption-text gallery-caption' id='gallery-1-3803'>\n\t\t\t\tFotograf\u00eda de costas de Espa\u00f1a\n\t\t\t\t<\/dd><\/dl><dl class='gallery-item'>\n\t\t\t<dt class='gallery-icon landscape'>\n\t\t\t\t<a data-elementor-open-lightbox=\"yes\" data-elementor-lightbox-slideshow=\"0be5612\" data-elementor-lightbox-title=\"Fotograf\u00eda de costas de Espa\u00f1a\" data-elementor-lightbox-description=\"Fotos de mar y playas, inmortalizando el movimiento del agua y su belleza din\u00e1mica.\" data-e-action-hash=\"#elementor-action%3Aaction%3Dlightbox%26settings%3DeyJpZCI6MzgwNCwidXJsIjoiaHR0cHM6XC9cL2lnc2FtY3JlYXRpdm8uY29tXC93cC1jb250ZW50XC91cGxvYWRzXC8yMDI2XC8wNlwvZm90b2dyYWZpYV9kZV9jb3N0YXNfMTAud2VicCIsInNsaWRlc2hvdyI6IjBiZTU2MTIifQ%3D%3D\" href='https:\/\/igsamcreativo.com\/wp-content\/uploads\/2026\/06\/fotografia_de_costas_10.webp'><img loading=\"lazy\" decoding=\"async\" width=\"300\" height=\"199\" src=\"https:\/\/igsamcreativo.com\/wp-content\/uploads\/2026\/06\/fotografia_de_costas_10-300x199.webp\" class=\"attachment-medium size-medium\" alt=\"Fotograf\u00eda de costas de Espa\u00f1a\" aria-describedby=\"gallery-1-3804\" srcset=\"https:\/\/igsamcreativo.com\/wp-content\/uploads\/2026\/06\/fotografia_de_costas_10-300x199.webp 300w, https:\/\/igsamcreativo.com\/wp-content\/uploads\/2026\/06\/fotografia_de_costas_10-1024x678.webp 1024w, https:\/\/igsamcreativo.com\/wp-content\/uploads\/2026\/06\/fotografia_de_costas_10-768x509.webp 768w, https:\/\/igsamcreativo.com\/wp-content\/uploads\/2026\/06\/fotografia_de_costas_10-18x12.webp 18w, https:\/\/igsamcreativo.com\/wp-content\/uploads\/2026\/06\/fotografia_de_costas_10.webp 1280w\" sizes=\"(max-width: 300px) 100vw, 300px\" \/><\/a>\n\t\t\t<\/dt>\n\t\t\t\t<dd class='wp-caption-text gallery-caption' id='gallery-1-3804'>\n\t\t\t\tFotograf\u00eda de costas de Espa\u00f1a\n\t\t\t\t<\/dd><\/dl><br style=\"clear: both\" \/><dl class='gallery-item'>\n\t\t\t<dt class='gallery-icon landscape'>\n\t\t\t\t<a data-elementor-open-lightbox=\"yes\" data-elementor-lightbox-slideshow=\"0be5612\" data-elementor-lightbox-title=\"Fotograf\u00eda de costas de Espa\u00f1a\" data-elementor-lightbox-description=\"Fotos de mar y playas, inmortalizando el movimiento del agua y su belleza din\u00e1mica.\" data-e-action-hash=\"#elementor-action%3Aaction%3Dlightbox%26settings%3DeyJpZCI6MzgwNSwidXJsIjoiaHR0cHM6XC9cL2lnc2FtY3JlYXRpdm8uY29tXC93cC1jb250ZW50XC91cGxvYWRzXC8yMDI2XC8wNlwvZm90b2dyYWZpYV9kZV9jb3N0YXNfMTEud2VicCIsInNsaWRlc2hvdyI6IjBiZTU2MTIifQ%3D%3D\" href='https:\/\/igsamcreativo.com\/wp-content\/uploads\/2026\/06\/fotografia_de_costas_11.webp'><img loading=\"lazy\" decoding=\"async\" width=\"300\" height=\"199\" src=\"https:\/\/igsamcreativo.com\/wp-content\/uploads\/2026\/06\/fotografia_de_costas_11-300x199.webp\" class=\"attachment-medium size-medium\" alt=\"Fotograf\u00eda de costas de Espa\u00f1a\" aria-describedby=\"gallery-1-3805\" srcset=\"https:\/\/igsamcreativo.com\/wp-content\/uploads\/2026\/06\/fotografia_de_costas_11-300x199.webp 300w, https:\/\/igsamcreativo.com\/wp-content\/uploads\/2026\/06\/fotografia_de_costas_11-1024x678.webp 1024w, https:\/\/igsamcreativo.com\/wp-content\/uploads\/2026\/06\/fotografia_de_costas_11-768x509.webp 768w, https:\/\/igsamcreativo.com\/wp-content\/uploads\/2026\/06\/fotografia_de_costas_11-18x12.webp 18w, https:\/\/igsamcreativo.com\/wp-content\/uploads\/2026\/06\/fotografia_de_costas_11.webp 1280w\" sizes=\"(max-width: 300px) 100vw, 300px\" \/><\/a>\n\t\t\t<\/dt>\n\t\t\t\t<dd class='wp-caption-text gallery-caption' id='gallery-1-3805'>\n\t\t\t\tFotograf\u00eda de costas de Espa\u00f1a\n\t\t\t\t<\/dd><\/dl><dl class='gallery-item'>\n\t\t\t<dt class='gallery-icon landscape'>\n\t\t\t\t<a data-elementor-open-lightbox=\"yes\" data-elementor-lightbox-slideshow=\"0be5612\" data-elementor-lightbox-title=\"Fotograf\u00eda de costas de Espa\u00f1a\" data-elementor-lightbox-description=\"Fotos de mar y playas, inmortalizando el movimiento del agua y su belleza din\u00e1mica.\" data-e-action-hash=\"#elementor-action%3Aaction%3Dlightbox%26settings%3DeyJpZCI6MzgwNiwidXJsIjoiaHR0cHM6XC9cL2lnc2FtY3JlYXRpdm8uY29tXC93cC1jb250ZW50XC91cGxvYWRzXC8yMDI2XC8wNlwvZm90b2dyYWZpYV9kZV9jb3N0YXNfMTIud2VicCIsInNsaWRlc2hvdyI6IjBiZTU2MTIifQ%3D%3D\" href='https:\/\/igsamcreativo.com\/wp-content\/uploads\/2026\/06\/fotografia_de_costas_12.webp'><img loading=\"lazy\" decoding=\"async\" width=\"300\" height=\"199\" src=\"https:\/\/igsamcreativo.com\/wp-content\/uploads\/2026\/06\/fotografia_de_costas_12-300x199.webp\" class=\"attachment-medium size-medium\" alt=\"Fotograf\u00eda de costas de Espa\u00f1a\" aria-describedby=\"gallery-1-3806\" srcset=\"https:\/\/igsamcreativo.com\/wp-content\/uploads\/2026\/06\/fotografia_de_costas_12-300x199.webp 300w, https:\/\/igsamcreativo.com\/wp-content\/uploads\/2026\/06\/fotografia_de_costas_12-1024x678.webp 1024w, https:\/\/igsamcreativo.com\/wp-content\/uploads\/2026\/06\/fotografia_de_costas_12-768x509.webp 768w, https:\/\/igsamcreativo.com\/wp-content\/uploads\/2026\/06\/fotografia_de_costas_12-18x12.webp 18w, https:\/\/igsamcreativo.com\/wp-content\/uploads\/2026\/06\/fotografia_de_costas_12.webp 1280w\" sizes=\"(max-width: 300px) 100vw, 300px\" \/><\/a>\n\t\t\t<\/dt>\n\t\t\t\t<dd class='wp-caption-text gallery-caption' id='gallery-1-3806'>\n\t\t\t\tFotograf\u00eda de costas de Espa\u00f1a\n\t\t\t\t<\/dd><\/dl><br style=\"clear: both\" \/><dl class='gallery-item'>\n\t\t\t<dt class='gallery-icon landscape'>\n\t\t\t\t<a data-elementor-open-lightbox=\"yes\" data-elementor-lightbox-slideshow=\"0be5612\" data-elementor-lightbox-title=\"Fotograf\u00eda de costas de Espa\u00f1a\" data-elementor-lightbox-description=\"Fotos de mar y playas, inmortalizando el movimiento del agua y su belleza din\u00e1mica.\" data-e-action-hash=\"#elementor-action%3Aaction%3Dlightbox%26settings%3DeyJpZCI6MzgwNywidXJsIjoiaHR0cHM6XC9cL2lnc2FtY3JlYXRpdm8uY29tXC93cC1jb250ZW50XC91cGxvYWRzXC8yMDI2XC8wNlwvZm90b2dyYWZpYV9kZV9jb3N0YXNfMTMud2VicCIsInNsaWRlc2hvdyI6IjBiZTU2MTIifQ%3D%3D\" href='https:\/\/igsamcreativo.com\/wp-content\/uploads\/2026\/06\/fotografia_de_costas_13.webp'><img loading=\"lazy\" decoding=\"async\" width=\"300\" height=\"200\" src=\"https:\/\/igsamcreativo.com\/wp-content\/uploads\/2026\/06\/fotografia_de_costas_13-300x200.webp\" class=\"attachment-medium size-medium\" alt=\"Fotograf\u00eda de costas de Espa\u00f1a\" aria-describedby=\"gallery-1-3807\" srcset=\"https:\/\/igsamcreativo.com\/wp-content\/uploads\/2026\/06\/fotografia_de_costas_13-300x200.webp 300w, https:\/\/igsamcreativo.com\/wp-content\/uploads\/2026\/06\/fotografia_de_costas_13-1024x683.webp 1024w, https:\/\/igsamcreativo.com\/wp-content\/uploads\/2026\/06\/fotografia_de_costas_13-768x512.webp 768w, https:\/\/igsamcreativo.com\/wp-content\/uploads\/2026\/06\/fotografia_de_costas_13-18x12.webp 18w, https:\/\/igsamcreativo.com\/wp-content\/uploads\/2026\/06\/fotografia_de_costas_13.webp 1280w\" sizes=\"(max-width: 300px) 100vw, 300px\" \/><\/a>\n\t\t\t<\/dt>\n\t\t\t\t<dd class='wp-caption-text gallery-caption' id='gallery-1-3807'>\n\t\t\t\tFotograf\u00eda de costas de Espa\u00f1a\n\t\t\t\t<\/dd><\/dl><dl class='gallery-item'>\n\t\t\t<dt class='gallery-icon landscape'>\n\t\t\t\t<a data-elementor-open-lightbox=\"yes\" data-elementor-lightbox-slideshow=\"0be5612\" data-elementor-lightbox-title=\"Fotograf\u00eda de costas de Espa\u00f1a\" data-elementor-lightbox-description=\"Fotos de mar y playas, inmortalizando el movimiento del agua y su belleza din\u00e1mica.\" data-e-action-hash=\"#elementor-action%3Aaction%3Dlightbox%26settings%3DeyJpZCI6MzgwOCwidXJsIjoiaHR0cHM6XC9cL2lnc2FtY3JlYXRpdm8uY29tXC93cC1jb250ZW50XC91cGxvYWRzXC8yMDI2XC8wNlwvZm90b2dyYWZpYV9kZV9jb3N0YXNfMTQud2VicCIsInNsaWRlc2hvdyI6IjBiZTU2MTIifQ%3D%3D\" href='https:\/\/igsamcreativo.com\/wp-content\/uploads\/2026\/06\/fotografia_de_costas_14.webp'><img loading=\"lazy\" decoding=\"async\" width=\"300\" height=\"200\" src=\"https:\/\/igsamcreativo.com\/wp-content\/uploads\/2026\/06\/fotografia_de_costas_14-300x200.webp\" class=\"attachment-medium size-medium\" alt=\"Fotograf\u00eda de costas de Espa\u00f1a\" aria-describedby=\"gallery-1-3808\" srcset=\"https:\/\/igsamcreativo.com\/wp-content\/uploads\/2026\/06\/fotografia_de_costas_14-300x200.webp 300w, https:\/\/igsamcreativo.com\/wp-content\/uploads\/2026\/06\/fotografia_de_costas_14-1024x683.webp 1024w, https:\/\/igsamcreativo.com\/wp-content\/uploads\/2026\/06\/fotografia_de_costas_14-768x512.webp 768w, https:\/\/igsamcreativo.com\/wp-content\/uploads\/2026\/06\/fotografia_de_costas_14-18x12.webp 18w, https:\/\/igsamcreativo.com\/wp-content\/uploads\/2026\/06\/fotografia_de_costas_14.webp 1280w\" sizes=\"(max-width: 300px) 100vw, 300px\" \/><\/a>\n\t\t\t<\/dt>\n\t\t\t\t<dd class='wp-caption-text gallery-caption' id='gallery-1-3808'>\n\t\t\t\tFotograf\u00eda de costas de Espa\u00f1a\n\t\t\t\t<\/dd><\/dl><br style=\"clear: both\" \/><dl class='gallery-item'>\n\t\t\t<dt class='gallery-icon landscape'>\n\t\t\t\t<a data-elementor-open-lightbox=\"yes\" data-elementor-lightbox-slideshow=\"0be5612\" data-elementor-lightbox-title=\"Fotograf\u00eda de costas de Espa\u00f1a\" data-elementor-lightbox-description=\"Fotos de mar y playas, inmortalizando el movimiento del agua y su belleza din\u00e1mica.\" data-e-action-hash=\"#elementor-action%3Aaction%3Dlightbox%26settings%3DeyJpZCI6MzgwOSwidXJsIjoiaHR0cHM6XC9cL2lnc2FtY3JlYXRpdm8uY29tXC93cC1jb250ZW50XC91cGxvYWRzXC8yMDI2XC8wNlwvZm90b2dyYWZpYV9kZV9jb3N0YXNfMTUud2VicCIsInNsaWRlc2hvdyI6IjBiZTU2MTIifQ%3D%3D\" href='https:\/\/igsamcreativo.com\/wp-content\/uploads\/2026\/06\/fotografia_de_costas_15.webp'><img loading=\"lazy\" decoding=\"async\" width=\"300\" height=\"200\" src=\"https:\/\/igsamcreativo.com\/wp-content\/uploads\/2026\/06\/fotografia_de_costas_15-300x200.webp\" class=\"attachment-medium size-medium\" alt=\"Fotograf\u00eda de costas de Espa\u00f1a\" aria-describedby=\"gallery-1-3809\" srcset=\"https:\/\/igsamcreativo.com\/wp-content\/uploads\/2026\/06\/fotografia_de_costas_15-300x200.webp 300w, https:\/\/igsamcreativo.com\/wp-content\/uploads\/2026\/06\/fotografia_de_costas_15-1024x683.webp 1024w, https:\/\/igsamcreativo.com\/wp-content\/uploads\/2026\/06\/fotografia_de_costas_15-768x512.webp 768w, https:\/\/igsamcreativo.com\/wp-content\/uploads\/2026\/06\/fotografia_de_costas_15-18x12.webp 18w, https:\/\/igsamcreativo.com\/wp-content\/uploads\/2026\/06\/fotografia_de_costas_15.webp 1280w\" sizes=\"(max-width: 300px) 100vw, 300px\" \/><\/a>\n\t\t\t<\/dt>\n\t\t\t\t<dd class='wp-caption-text gallery-caption' id='gallery-1-3809'>\n\t\t\t\tFotograf\u00eda de costas de Espa\u00f1a\n\t\t\t\t<\/dd><\/dl><dl class='gallery-item'>\n\t\t\t<dt class='gallery-icon landscape'>\n\t\t\t\t<a data-elementor-open-lightbox=\"yes\" data-elementor-lightbox-slideshow=\"0be5612\" data-elementor-lightbox-title=\"Fotograf\u00eda de costas de Espa\u00f1a\" data-elementor-lightbox-description=\"Fotos de mar y playas, inmortalizando el movimiento del agua y su belleza din\u00e1mica.\" data-e-action-hash=\"#elementor-action%3Aaction%3Dlightbox%26settings%3DeyJpZCI6Mzc5NCwidXJsIjoiaHR0cHM6XC9cL2lnc2FtY3JlYXRpdm8uY29tXC93cC1jb250ZW50XC91cGxvYWRzXC8yMDI2XC8wNlwvZm90b2dyYWZpYV9kZV9jb3N0YXNfMTYud2VicCIsInNsaWRlc2hvdyI6IjBiZTU2MTIifQ%3D%3D\" href='https:\/\/igsamcreativo.com\/wp-content\/uploads\/2026\/06\/fotografia_de_costas_16.webp'><img loading=\"lazy\" decoding=\"async\" width=\"300\" height=\"199\" src=\"https:\/\/igsamcreativo.com\/wp-content\/uploads\/2026\/06\/fotografia_de_costas_16-300x199.webp\" class=\"attachment-medium size-medium\" alt=\"Fotograf\u00eda de costas de Espa\u00f1a\" aria-describedby=\"gallery-1-3794\" srcset=\"https:\/\/igsamcreativo.com\/wp-content\/uploads\/2026\/06\/fotografia_de_costas_16-300x199.webp 300w, https:\/\/igsamcreativo.com\/wp-content\/uploads\/2026\/06\/fotografia_de_costas_16-1024x678.webp 1024w, https:\/\/igsamcreativo.com\/wp-content\/uploads\/2026\/06\/fotografia_de_costas_16-768x509.webp 768w, https:\/\/igsamcreativo.com\/wp-content\/uploads\/2026\/06\/fotografia_de_costas_16-18x12.webp 18w, https:\/\/igsamcreativo.com\/wp-content\/uploads\/2026\/06\/fotografia_de_costas_16.webp 1280w\" sizes=\"(max-width: 300px) 100vw, 300px\" \/><\/a>\n\t\t\t<\/dt>\n\t\t\t\t<dd class='wp-caption-text gallery-caption' id='gallery-1-3794'>\n\t\t\t\tFotograf\u00eda de costas de Espa\u00f1a\n\t\t\t\t<\/dd><\/dl><br style=\"clear: both\" \/>\n\t\t<\/div>\n\t\t<\/div>\n\t\t\t\t\t\t<\/div>\n\t\t\t\t<\/div>\n\t\t\t\t\t<\/div>\n\t\t<\/div>\n\t\t\t\t\t<\/div>\n\t\t<\/section>\n\t\t\t\t<\/div>","protected":false},"excerpt":{"rendered":"<p>Fotograf\u00eda de costas de Espa\u00f1a Fotograf\u00eda de costas de Espa\u00f1a Fotograf\u00eda de costas de Espa\u00f1a Fotograf\u00eda de costas de Espa\u00f1a Fotograf\u00eda de costas de Espa\u00f1a Fotograf\u00eda de costas de Espa\u00f1a [&hellip;]<\/p>\n","protected":false},"author":3,"featured_media":0,"parent":3466,"menu_order":0,"comment_status":"closed","ping_status":"closed","template":"template-fancybox.php","meta":{"_joinchat":[],"footnotes":""},"class_list":["post-3479","page","type-page","status-publish","hentry"],"yoast_head":"<!-- This site is optimized with the Yoast SEO plugin v28.3 - https:\/\/yoast.com\/product\/yoast-seo-wordpress\/ -->\n<title>Fotograf\u00eda de costas | Igsam Creative<\/title>\n<meta name=\"description\" content=\"Descubre nuestra galer\u00eda de fotograf\u00eda de costas: capturas de mar y playas, inmortalizando el movimiento del agua y su belleza din\u00e1mica.\" \/>\n<meta name=\"robots\" content=\"index, follow, max-snippet:-1, max-image-preview:large, max-video-preview:-1\" \/>\n<link rel=\"canonical\" href=\"https:\/\/igsamcreativo.com\/en\/galeria\/fotografia-de-costas\/\" \/>\n<meta property=\"og:locale\" content=\"en_GB\" \/>\n<meta property=\"og:type\" content=\"article\" \/>\n<meta property=\"og:title\" content=\"Fotograf\u00eda de costas | Igsam Creative\" \/>\n<meta property=\"og:description\" content=\"Descubre nuestra galer\u00eda de fotograf\u00eda de costas: capturas de mar y playas, inmortalizando el movimiento del agua y su belleza din\u00e1mica.\" \/>\n<meta property=\"og:url\" content=\"https:\/\/igsamcreativo.com\/en\/galeria\/fotografia-de-costas\/\" \/>\n<meta property=\"og:site_name\" content=\"Igsam Creative\" \/>\n<meta property=\"article:modified_time\" content=\"2026-06-10T18:23:49+00:00\" \/>\n<meta property=\"og:image\" content=\"https:\/\/igsamcreativo.com\/wp-content\/uploads\/2026\/06\/fotografia_de_costas_1-300x200.webp\" \/>\n<meta name=\"twitter:card\" content=\"summary_large_image\" \/>\n<meta name=\"twitter:label1\" content=\"Estimated reading time\" \/>\n\t<meta name=\"twitter:data1\" content=\"4 minutes\" \/>\n<script type=\"application\/ld+json\" class=\"yoast-schema-graph\">{\"@context\":\"https:\\\/\\\/schema.org\",\"@graph\":[{\"@type\":\"WebPage\",\"@id\":\"https:\\\/\\\/igsamcreativo.com\\\/galeria\\\/fotografia-de-costas\\\/\",\"url\":\"https:\\\/\\\/igsamcreativo.com\\\/galeria\\\/fotografia-de-costas\\\/\",\"name\":\"Fotograf\u00eda de costas | Igsam Creative\",\"isPartOf\":{\"@id\":\"https:\\\/\\\/igsamcreativo.com\\\/#website\"},\"primaryImageOfPage\":{\"@id\":\"https:\\\/\\\/igsamcreativo.com\\\/galeria\\\/fotografia-de-costas\\\/#primaryimage\"},\"image\":{\"@id\":\"https:\\\/\\\/igsamcreativo.com\\\/galeria\\\/fotografia-de-costas\\\/#primaryimage\"},\"thumbnailUrl\":\"https:\\\/\\\/igsamcreativo.com\\\/wp-content\\\/uploads\\\/2026\\\/06\\\/fotografia_de_costas_1-300x200.webp\",\"datePublished\":\"2025-10-22T09:25:45+00:00\",\"dateModified\":\"2026-06-10T18:23:49+00:00\",\"description\":\"Descubre nuestra galer\u00eda de fotograf\u00eda de costas: capturas de mar y playas, inmortalizando el movimiento del agua y su belleza din\u00e1mica.\",\"breadcrumb\":{\"@id\":\"https:\\\/\\\/igsamcreativo.com\\\/galeria\\\/fotografia-de-costas\\\/#breadcrumb\"},\"inLanguage\":\"en-GB\",\"potentialAction\":[{\"@type\":\"ReadAction\",\"target\":[\"https:\\\/\\\/igsamcreativo.com\\\/galeria\\\/fotografia-de-costas\\\/\"]}]},{\"@type\":\"ImageObject\",\"inLanguage\":\"en-GB\",\"@id\":\"https:\\\/\\\/igsamcreativo.com\\\/galeria\\\/fotografia-de-costas\\\/#primaryimage\",\"url\":\"https:\\\/\\\/igsamcreativo.com\\\/wp-content\\\/uploads\\\/2026\\\/06\\\/fotografia_de_costas_1-300x200.webp\",\"contentUrl\":\"https:\\\/\\\/igsamcreativo.com\\\/wp-content\\\/uploads\\\/2026\\\/06\\\/fotografia_de_costas_1-300x200.webp\"},{\"@type\":\"BreadcrumbList\",\"@id\":\"https:\\\/\\\/igsamcreativo.com\\\/galeria\\\/fotografia-de-costas\\\/#breadcrumb\",\"itemListElement\":[{\"@type\":\"ListItem\",\"position\":1,\"name\":\"Home\",\"item\":\"https:\\\/\\\/igsamcreativo.com\\\/\"},{\"@type\":\"ListItem\",\"position\":2,\"name\":\"Galer\u00eda\",\"item\":\"https:\\\/\\\/igsamcreativo.com\\\/galeria\\\/\"},{\"@type\":\"ListItem\",\"position\":3,\"name\":\"Fotograf\u00eda de costas\"}]},{\"@type\":\"WebSite\",\"@id\":\"https:\\\/\\\/igsamcreativo.com\\\/#website\",\"url\":\"https:\\\/\\\/igsamcreativo.com\\\/\",\"name\":\"igsamcreativo\",\"description\":\"Estudio de fotograf\u00eda y v\u00eddeo en San Sebasti\u00e1n de los Reyes, especializado en books de actores y modelos, retratos profesionales y fotograf\u00eda para eventos en Madrid.\",\"publisher\":{\"@id\":\"https:\\\/\\\/igsamcreativo.com\\\/#\\\/schema\\\/person\\\/838a11ccfcd03340701a979ffec44c5a\"},\"potentialAction\":[{\"@type\":\"SearchAction\",\"target\":{\"@type\":\"EntryPoint\",\"urlTemplate\":\"https:\\\/\\\/igsamcreativo.com\\\/?s={search_term_string}\"},\"query-input\":{\"@type\":\"PropertyValueSpecification\",\"valueRequired\":true,\"valueName\":\"search_term_string\"}}],\"inLanguage\":\"en-GB\"},{\"@type\":[\"Person\",\"Organization\"],\"@id\":\"https:\\\/\\\/igsamcreativo.com\\\/#\\\/schema\\\/person\\\/838a11ccfcd03340701a979ffec44c5a\",\"name\":\"Nacho\",\"image\":{\"@type\":\"ImageObject\",\"inLanguage\":\"en-GB\",\"@id\":\"https:\\\/\\\/igsamcreativo.com\\\/wp-content\\\/uploads\\\/2021\\\/03\\\/my-business-logoblack.jpg\",\"url\":\"https:\\\/\\\/igsamcreativo.com\\\/wp-content\\\/uploads\\\/2021\\\/03\\\/my-business-logoblack.jpg\",\"contentUrl\":\"https:\\\/\\\/igsamcreativo.com\\\/wp-content\\\/uploads\\\/2021\\\/03\\\/my-business-logoblack.jpg\",\"width\":720,\"height\":720,\"caption\":\"Nacho\"},\"logo\":{\"@id\":\"https:\\\/\\\/igsamcreativo.com\\\/wp-content\\\/uploads\\\/2021\\\/03\\\/my-business-logoblack.jpg\"},\"sameAs\":[\"http:\\\/\\\/igsamcreativo.com\"]}]}<\/script>\n<!-- \/ Yoast SEO plugin. -->","yoast_head_json":{"title":"Fotograf\u00eda de costas | Igsam Creative","description":"Descubre nuestra galer\u00eda de fotograf\u00eda de costas: capturas de mar y playas, inmortalizando el movimiento del agua y su belleza din\u00e1mica.","robots":{"index":"index","follow":"follow","max-snippet":"max-snippet:-1","max-image-preview":"max-image-preview:large","max-video-preview":"max-video-preview:-1"},"canonical":"https:\/\/igsamcreativo.com\/en\/galeria\/fotografia-de-costas\/","og_locale":"en_GB","og_type":"article","og_title":"Fotograf\u00eda de costas | Igsam Creative","og_description":"Descubre nuestra galer\u00eda de fotograf\u00eda de costas: capturas de mar y playas, inmortalizando el movimiento del agua y su belleza din\u00e1mica.","og_url":"https:\/\/igsamcreativo.com\/en\/galeria\/fotografia-de-costas\/","og_site_name":"Igsam Creative","article_modified_time":"2026-06-10T18:23:49+00:00","og_image":[{"url":"https:\/\/igsamcreativo.com\/wp-content\/uploads\/2026\/06\/fotografia_de_costas_1-300x200.webp","type":"","width":"","height":""}],"twitter_card":"summary_large_image","twitter_misc":{"Estimated reading time":"4 minutes"},"schema":{"@context":"https:\/\/schema.org","@graph":[{"@type":"WebPage","@id":"https:\/\/igsamcreativo.com\/galeria\/fotografia-de-costas\/","url":"https:\/\/igsamcreativo.com\/galeria\/fotografia-de-costas\/","name":"Fotograf\u00eda de costas | Igsam Creative","isPartOf":{"@id":"https:\/\/igsamcreativo.com\/#website"},"primaryImageOfPage":{"@id":"https:\/\/igsamcreativo.com\/galeria\/fotografia-de-costas\/#primaryimage"},"image":{"@id":"https:\/\/igsamcreativo.com\/galeria\/fotografia-de-costas\/#primaryimage"},"thumbnailUrl":"https:\/\/igsamcreativo.com\/wp-content\/uploads\/2026\/06\/fotografia_de_costas_1-300x200.webp","datePublished":"2025-10-22T09:25:45+00:00","dateModified":"2026-06-10T18:23:49+00:00","description":"Descubre nuestra galer\u00eda de fotograf\u00eda de costas: capturas de mar y playas, inmortalizando el movimiento del agua y su belleza din\u00e1mica.","breadcrumb":{"@id":"https:\/\/igsamcreativo.com\/galeria\/fotografia-de-costas\/#breadcrumb"},"inLanguage":"en-GB","potentialAction":[{"@type":"ReadAction","target":["https:\/\/igsamcreativo.com\/galeria\/fotografia-de-costas\/"]}]},{"@type":"ImageObject","inLanguage":"en-GB","@id":"https:\/\/igsamcreativo.com\/galeria\/fotografia-de-costas\/#primaryimage","url":"https:\/\/igsamcreativo.com\/wp-content\/uploads\/2026\/06\/fotografia_de_costas_1-300x200.webp","contentUrl":"https:\/\/igsamcreativo.com\/wp-content\/uploads\/2026\/06\/fotografia_de_costas_1-300x200.webp"},{"@type":"BreadcrumbList","@id":"https:\/\/igsamcreativo.com\/galeria\/fotografia-de-costas\/#breadcrumb","itemListElement":[{"@type":"ListItem","position":1,"name":"Home","item":"https:\/\/igsamcreativo.com\/"},{"@type":"ListItem","position":2,"name":"Galer\u00eda","item":"https:\/\/igsamcreativo.com\/galeria\/"},{"@type":"ListItem","position":3,"name":"Fotograf\u00eda de costas"}]},{"@type":"WebSite","@id":"https:\/\/igsamcreativo.com\/#website","url":"https:\/\/igsamcreativo.com\/","name":"igsamcreativo","description":"Estudio de fotograf\u00eda y v\u00eddeo en San Sebasti\u00e1n de los Reyes, especializado en books de actores y modelos, retratos profesionales y fotograf\u00eda para eventos en Madrid.","publisher":{"@id":"https:\/\/igsamcreativo.com\/#\/schema\/person\/838a11ccfcd03340701a979ffec44c5a"},"potentialAction":[{"@type":"SearchAction","target":{"@type":"EntryPoint","urlTemplate":"https:\/\/igsamcreativo.com\/?s={search_term_string}"},"query-input":{"@type":"PropertyValueSpecification","valueRequired":true,"valueName":"search_term_string"}}],"inLanguage":"en-GB"},{"@type":["Person","Organization"],"@id":"https:\/\/igsamcreativo.com\/#\/schema\/person\/838a11ccfcd03340701a979ffec44c5a","name":"Nacho","image":{"@type":"ImageObject","inLanguage":"en-GB","@id":"https:\/\/igsamcreativo.com\/wp-content\/uploads\/2021\/03\/my-business-logoblack.jpg","url":"https:\/\/igsamcreativo.com\/wp-content\/uploads\/2021\/03\/my-business-logoblack.jpg","contentUrl":"https:\/\/igsamcreativo.com\/wp-content\/uploads\/2021\/03\/my-business-logoblack.jpg","width":720,"height":720,"caption":"Nacho"},"logo":{"@id":"https:\/\/igsamcreativo.com\/wp-content\/uploads\/2021\/03\/my-business-logoblack.jpg"},"sameAs":["http:\/\/igsamcreativo.com"]}]}},"_links":{"self":[{"href":"https:\/\/igsamcreativo.com\/en\/wp-json\/wp\/v2\/pages\/3479","targetHints":{"allow":["GET"]}}],"collection":[{"href":"https:\/\/igsamcreativo.com\/en\/wp-json\/wp\/v2\/pages"}],"about":[{"href":"https:\/\/igsamcreativo.com\/en\/wp-json\/wp\/v2\/types\/page"}],"author":[{"embeddable":true,"href":"https:\/\/igsamcreativo.com\/en\/wp-json\/wp\/v2\/users\/3"}],"replies":[{"embeddable":true,"href":"https:\/\/igsamcreativo.com\/en\/wp-json\/wp\/v2\/comments?post=3479"}],"version-history":[{"count":4,"href":"https:\/\/igsamcreativo.com\/en\/wp-json\/wp\/v2\/pages\/3479\/revisions"}],"predecessor-version":[{"id":3813,"href":"https:\/\/igsamcreativo.com\/en\/wp-json\/wp\/v2\/pages\/3479\/revisions\/3813"}],"up":[{"embeddable":true,"href":"https:\/\/igsamcreativo.com\/en\/wp-json\/wp\/v2\/pages\/3466"}],"wp:attachment":[{"href":"https:\/\/igsamcreativo.com\/en\/wp-json\/wp\/v2\/media?parent=3479"}],"curies":[{"name":"wp","href":"https:\/\/api.w.org\/{rel}","templated":true}]}}